{"id":274,"date":"2018-09-22T17:03:27","date_gmt":"2018-09-22T15:03:27","guid":{"rendered":"https:\/\/motions.cc\/felixschalk\/wordpress\/?page_id=274"},"modified":"2026-01-21T02:12:33","modified_gmt":"2026-01-21T01:12:33","slug":"kontakt","status":"publish","type":"page","link":"https:\/\/motions.cc\/felixschalk\/wordpress\/?page_id=274","title":{"rendered":"Kontakt &#038; Kurzvita"},"content":{"rendered":"\n<div class=\"wp-block-columns is-layout-flex wp-container-core-columns-is-layout-2 wp-block-columns-is-layout-flex\">\n<div class=\"wp-block-column is-layout-flow wp-block-column-is-layout-flow\" style=\"flex-basis:100%\">\n<div class=\"wp-block-group\"><div class=\"wp-block-group__inner-container is-layout-flow wp-block-group-is-layout-flow\">\n<div class=\"wp-block-columns is-layout-flex wp-container-core-columns-is-layout-1 wp-block-columns-is-layout-flex\">\n<div class=\"wp-block-column is-layout-flow wp-block-column-is-layout-flow\">\n<div class=\"wp-block-group alignwide\"><div class=\"wp-block-group__inner-container is-layout-flow wp-block-group-is-layout-flow\">\n<div class=\"wp-block-media-text alignwide is-stacked-on-mobile\" style=\"grid-template-columns:20% auto\"><figure class=\"wp-block-media-text__media\"><img data-opt-id=551471116  data-opt-src=\"https:\/\/mlmjobixwgrv.i.optimole.com\/w:auto\/h:auto\/q:mauto\/f:best\/https:\/\/motions.cc\/felixschalk\/wordpress\/wp-content\/uploads\/2023\/12\/Felix_Ernst_Peter_Schalk_quadrat_rahmen_klein.png\"  decoding=\"async\" width=\"761\" height=\"761\" src=\"https:\/\/mlmjobixwgrv.i.optimole.com\/w:auto\/h:auto\/q:eco\/f:best\/https:\/\/motions.cc\/felixschalk\/wordpress\/wp-content\/uploads\/2023\/12\/Felix_Ernst_Peter_Schalk_quadrat_rahmen_klein.png\" alt=\"Felix Ernst Peter Schalk\" class=\"wp-image-827 size-full\" old-srcset=\"https:\/\/mlmjobixwgrv.i.optimole.com\/w:761\/h:761\/q:mauto\/f:best\/https:\/\/motions.cc\/felixschalk\/wordpress\/wp-content\/uploads\/2023\/12\/Felix_Ernst_Peter_Schalk_quadrat_rahmen_klein.png 761w, https:\/\/mlmjobixwgrv.i.optimole.com\/w:300\/h:300\/q:mauto\/f:best\/https:\/\/motions.cc\/felixschalk\/wordpress\/wp-content\/uploads\/2023\/12\/Felix_Ernst_Peter_Schalk_quadrat_rahmen_klein.png 300w, https:\/\/mlmjobixwgrv.i.optimole.com\/w:150\/h:150\/q:mauto\/f:best\/https:\/\/motions.cc\/felixschalk\/wordpress\/wp-content\/uploads\/2023\/12\/Felix_Ernst_Peter_Schalk_quadrat_rahmen_klein.png 150w\" \/><\/figure><div class=\"wp-block-media-text__content\">\n<p class=\"has-nv-dark-bg-color has-text-color has-normal-font-size\">Felix Ernst Peter Schalk (geb. 1999 in Graz) ist Filmemacher und bildender K\u00fcnstler. Er studierte Allgemeine Rhetorik und Philosophie an der Eberhard-Karls-Universit\u00e4t in T\u00fcbingen. 2019 co-gr\u00fcndete er das <a href=\"http:\/\/www.elisefilm.at\/\">Filmkollektiv ELISE<\/a>, mit welchem er Kurzfilme produzieren und auf Festivals in ganz Europa zeigen konnte. Gegenw\u00e4rtig studiert er Drehbuch und Dramaturgie an der Filmakademie Wien.<\/p>\n\n\n\n<p class=\"has-text-align-left\"><strong>felix.schalk {\u00e4t} elisefilm {punkt} at<\/strong><\/p>\n<\/div><\/div>\n<\/div><\/div>\n<\/div>\n<\/div>\n<\/div><\/div>\n<\/div>\n<\/div>\n\n\n\n<h2 class=\"wp-block-heading\">Wann, Was &amp; Wo?<\/h2>\n\n\n\n<h4 class=\"wp-block-heading\"><strong>Text<\/strong><\/h4>\n\n\n\n<ul class=\"color=&quot;black&quot; has-nv-dark-bg-color has-text-color\"><li>2025 Aufenthaltsstipendium des <a style=\"color: #000000;\" href=\"https:\/\/uni-tuebingen.de\/universitaet\/campusleben\/kunst-kultur-und-freizeit\/studio-literatur-und-theater\/\">SLT<\/a> im Goetheh\u00e4uschen in T\u00fcbingen.<\/li><li>2024 Ver\u00f6ffentlichung in <a style=\"color: #000000;\" href=\"https:\/\/litrobona.shop\/heft-5-authentitat\/\">&#8222;Litrobona&#8220;<\/a> (Heft 5). (Wien)<\/li><li>2023 Monatsgewinner des <a style=\"color: #000000;\" href=\"https:\/\/literaturhaus.ch\/schreibwettbewerb\/\">Schreibwettbewerbs des Literaturhaus Z\u00fcrichs.<\/a> (Dezember). (Z\u00fcrich)<\/li><li>2023 Ver\u00f6ffentlichung in <a style=\"color: #000000;\" href=\"https:\/\/zwischentext.ch\/vol-5\">&#8222;Zwischentext&#8220;<\/a> (vol. 5). (Z\u00fcrich)<\/li><li>2023 Ver\u00f6ffentlichung in &#8222;<a style=\"color: #000000;\" href=\"https:\/\/uni-tuebingen.de\/universitaet\/campusleben\/kunst-kultur-und-freizeit\/studio-literatur-und-theater\/rueckblick\/bodensatz\/\">Bodensatz<\/a>&#8220; (-1.19) Magazin des Studio Literatur und Theater. (T\u00fcbingen)<\/li><li>2022 Pr\u00e4sentation eines Gedichtzyklus zu Photos von&nbsp;<a style=\"color: #000000;\" href=\"https:\/\/www.instagram.com\/tusch.na\/?hl=de\">Nghilinawa Natusch<\/a>&nbsp;im Rahmen von &#8222;<em>Bohema Presents live&#8220;<\/em>&nbsp;des&nbsp;<a style=\"color: #000000;\" href=\"https:\/\/www.bohema-wien.com\/\">Kulturmagazins Bohema<\/a>.&nbsp;(Wien)<\/li><li>2021 Emily-Dickinson-Preis (2. Platz) bei Lyrikwettbewerb des &#8222;Sprachenschiff&#8220; D\u00fcsseldorf &amp; Literaturb\u00fcro NRW e.V. (D\u00fcsseldorf)<\/li><li>2020 Ver\u00f6ffentlichung in &#8222;<a style=\"color: #000000;\" href=\"https:\/\/radieschen.at\/ausgaben\/\">&amp; Radieschen \u2013 Zeitschrift f\u00fcr Literatur<\/a>&#8220; (#55) (Wien)<\/li><\/ul>\n\n\n\n<h4 class=\"wp-block-heading\"><strong>Bild<\/strong><\/h4>\n\n\n\n<ul class=\"color=&quot;black&quot;\">\n<li>2025 Ver\u00f6ffentlichung im<mark style=\"background-color:rgba(0, 0, 0, 0)\" class=\"has-inline-color has-nv-dark-bg-color\"> <\/mark><a href=\"https:\/\/komplex-kulturmagazin.com\/2025\/03\/27\/kompost-43-e-muller-t-catlaw-j-v-ochsenstein-f-schalk\/\"><mark style=\"background-color:rgba(0, 0, 0, 0)\" class=\"has-inline-color has-nv-dark-bg-color\">Komplex Kulturmagazin.<\/mark><\/a> (Innsbruck)<\/li>\n\n\n\n<li>2023 Kaltnadelradierung im\u00a0<a style=\"color: #000000;\" href=\"https:\/\/komplex-kulturmagazin.com\/2023\/09\/28\/kompost-27-f-schalk-b-watzka-z-v-duesenberg\/\">Komplex Kulturmagazin<\/a>. (Innsbruck)<\/li>\n\n\n\n<li>2023 Ausstellungsbeteiligung&nbsp;bei &#8222;<a style=\"color: #000000;\" href=\"https:\/\/shedhalle.de\/de\/events\/2-kupferblaue-kunstschau\">2. Kupferblau Kunstschau<\/a>&#8220; der Shedhalle. &nbsp;(T\u00fcbingen)<\/li>\n\n\n\n<li>2022 Ausstellungsbeteiligung bei der&nbsp;<a style=\"color: #000000;\" href=\"https:\/\/www.kupferblau.de\/2022\/07\/21\/was-ist-ein-mann\/\">Kunstausstellung \u201eWas ist ein Mann?\u201c<\/a>.&nbsp;(T\u00fcbingen)<\/li>\n\n\n\n<li>2021, 2022 Gem\u00e4lde \/ Zeichnungen in den&nbsp;<a style=\"color: #000000;\" href=\"https:\/\/www.literarische-blaetter.de\/autoren\/schalk-felix-ernst-peter\/\">Literarischen Bl\u00e4ttern<\/a>.&nbsp;(Leipzig)<\/li>\n\n\n\n<li>2021 Collage f\u00fcr Plattencover &#8222;<a style=\"color: #000000;\" href=\"https:\/\/open.spotify.com\/intl-de\/album\/7dHPrxlhC0ccg0BPVAmV2S\" target=\"_blank\" rel=\"noreferrer noopener\">Mir w\u00e4re lieber wir bleiben hier<\/a>&#8220; von <a style=\"color: #000000;\" href=\"https:\/\/www.instagram.com\/grandhotelschilling\/\" target=\"_blank\" rel=\"noreferrer noopener\">Grand Hotel Schilling<\/a> (Graz).<\/li>\n\n\n\n<li>2019 Ausstellungsbeteiligung&nbsp;&#8222;<a style=\"color: #000000;\" href=\"http:\/\/www.freiegalerie.org\/\">freie Galerie<\/a>\u201c. (Graz)<\/li>\n\n\n\n<li>2018 Ausstellungsbeteiligung &#8222;Augenweide&#8220; im Fotostudio&nbsp;<a style=\"color: #000000;\" href=\"https:\/\/joelhainzl.com\/\">Jo\u00ebl Hainzl<\/a>. (Graz)<\/li>\n<\/ul>\n\n\n\n<h4 class=\"wp-block-heading\"><strong>Film<\/strong><\/h4>\n\n\n\n<p>\u279c Filmographie und mehr bei <a href=\"https:\/\/www.elisefilm.at\" target=\"_blank\" rel=\"noreferrer noopener\">ELISE<\/a>, auf <a href=\"https:\/\/www.imdb.com\/name\/nm10387312\/\" target=\"_blank\" rel=\"noreferrer noopener\">IMDb<\/a> oder <a href=\"https:\/\/mubi.com\/de\/cast\/felix-ernst-peter-schalk-1\" target=\"_blank\" rel=\"noreferrer noopener\">mubi<\/a>.<\/p>\n\n\n\n<hr class=\"wp-block-separator has-css-opacity is-style-wide\"\/>\n\n\n\n<p class=\"has-text-align-left\"><span style=\"color: #000000;\">ENG:<\/span><\/p>\n\n\n\n<p class=\"has-text-align-left\"><span style=\"color: #000000;\">Felix Ernst Peter Schalk is a freelance painter and <a style=\"color: #000000;\" href=\"http:\/\/www.elisefilm.at\">filmmaker<\/a> from Graz, Austria. He is currently based in Vienna, where he is studying screenwriting and dramaturgy. He holds a degree in general rhetoric and philosophy from the Eberhard-Karls-University<\/span> T\u00fcbingen, Germany. <\/p>\n","protected":false},"excerpt":{"rendered":"<p>Felix Ernst Peter Schalk (geb. 1999 in Graz) ist Filmemacher und bildender K\u00fcnstler. Er studierte Allgemeine Rhetorik und Philosophie an der Eberhard-Karls-Universit\u00e4t in T\u00fcbingen. 2019 co-gr\u00fcndete er das Filmkollektiv ELISE, mit welchem er Kurzfilme produzieren und auf Festivals in ganz Europa zeigen konnte. Gegenw\u00e4rtig studiert er Drehbuch und Dramaturgie an der Filmakademie Wien. felix.schalk {\u00e4t}&hellip;&nbsp;<a href=\"https:\/\/motions.cc\/felixschalk\/wordpress\/?page_id=274\" class=\"\" rel=\"bookmark\">Weiterlesen &raquo;<span class=\"screen-reader-text\">Kontakt &#038; Kurzvita<\/span><\/a><\/p>\n","protected":false},"author":1,"featured_media":0,"parent":0,"menu_order":0,"comment_status":"closed","ping_status":"closed","template":"","meta":{"neve_meta_sidebar":"","neve_meta_container":"","neve_meta_enable_content_width":"off","neve_meta_content_width":0,"neve_meta_title_alignment":"","neve_meta_author_avatar":"","neve_post_elements_order":"","neve_meta_disable_header":"","neve_meta_disable_footer":"","neve_meta_disable_title":"","footnotes":""},"yoast_head":"<!-- This site is optimized with the Yoast SEO plugin v16.0.2 - https:\/\/yoast.com\/wordpress\/plugins\/seo\/ -->\n<title>Kontakt &amp; Kurzvita &ndash; Felix Ernst Peter Schalk<\/title>\n<meta name=\"description\" content=\"Felix Ernst Peter Schalk - \u00f6sterreichischer Maler, Filmemacher und bildender K\u00fcnstler in Wien. Filmkollektiv ELISE.\" \/>\n<link rel=\"canonical\" href=\"https:\/\/motions.cc\/felixschalk\/wordpress\/?page_id=274\" \/>\n<meta property=\"og:locale\" content=\"de_DE\" \/>\n<meta property=\"og:type\" content=\"article\" \/>\n<meta property=\"og:title\" content=\"Kontakt &amp; Kurzvita &ndash; Felix Ernst Peter Schalk\" \/>\n<meta property=\"og:description\" content=\"Felix Ernst Peter Schalk - \u00f6sterreichischer Maler, Filmemacher und bildender K\u00fcnstler in Wien. Filmkollektiv ELISE.\" \/>\n<meta property=\"og:url\" content=\"https:\/\/motions.cc\/felixschalk\/wordpress\/?page_id=274\" \/>\n<meta property=\"og:site_name\" content=\"Felix Ernst Peter Schalk\" \/>\n<meta property=\"article:modified_time\" content=\"2026-01-21T01:12:33+00:00\" \/>\n<meta property=\"og:image\" content=\"https:\/\/mlmjobixwgrv.i.optimole.com\/w:auto\/h:auto\/q:mauto\/f:best\/https:\/\/motions.cc\/felixschalk\/wordpress\/wp-content\/uploads\/2023\/12\/Felix_Ernst_Peter_Schalk_quadrat_rahmen_klein.png\" \/>\n<meta name=\"twitter:card\" content=\"summary_large_image\" \/>\n<meta name=\"twitter:label1\" content=\"Gesch\u00e4tzte Lesezeit\">\n\t<meta name=\"twitter:data1\" content=\"2\u00a0Minuten\">\n<script type=\"application\/ld+json\" class=\"yoast-schema-graph\">{\"@context\":\"https:\/\/schema.org\",\"@graph\":[{\"@type\":[\"Person\",\"Organization\"],\"@id\":\"https:\/\/motions.cc\/felixschalk\/wordpress\/#\/schema\/person\/7dbb4535e31e38c8de99856df2f08cfc\",\"name\":\"felernpet\",\"image\":{\"@type\":\"ImageObject\",\"@id\":\"https:\/\/motions.cc\/felixschalk\/wordpress\/#personlogo\",\"inLanguage\":\"de\",\"url\":\"https:\/\/secure.gravatar.com\/avatar\/8bf5164a62f49b647c5b2570ca2a8198?s=96&d=mm&r=g\",\"caption\":\"felernpet\"},\"logo\":{\"@id\":\"https:\/\/motions.cc\/felixschalk\/wordpress\/#personlogo\"}},{\"@type\":\"WebSite\",\"@id\":\"https:\/\/motions.cc\/felixschalk\/wordpress\/#website\",\"url\":\"https:\/\/motions.cc\/felixschalk\/wordpress\/\",\"name\":\"Felix Ernst Peter Schalk\",\"description\":\"Gem\\u00e4lde, Texte, Filme.\",\"publisher\":{\"@id\":\"https:\/\/motions.cc\/felixschalk\/wordpress\/#\/schema\/person\/7dbb4535e31e38c8de99856df2f08cfc\"},\"potentialAction\":[{\"@type\":\"SearchAction\",\"target\":\"https:\/\/motions.cc\/felixschalk\/wordpress\/?s={search_term_string}\",\"query-input\":\"required name=search_term_string\"}],\"inLanguage\":\"de\"},{\"@type\":\"ImageObject\",\"@id\":\"https:\/\/motions.cc\/felixschalk\/wordpress\/?page_id=274#primaryimage\",\"inLanguage\":\"de\",\"url\":\"https:\/\/mlmjobixwgrv.i.optimole.com\/w:auto\/h:auto\/q:mauto\/f:best\/https:\/\/motions.cc\/felixschalk\/wordpress\/wp-content\/uploads\/2023\/12\/Felix_Ernst_Peter_Schalk_quadrat_rahmen_klein.png\",\"width\":761,\"height\":761},{\"@type\":[\"WebPage\",\"ContactPage\"],\"@id\":\"https:\/\/motions.cc\/felixschalk\/wordpress\/?page_id=274#webpage\",\"url\":\"https:\/\/motions.cc\/felixschalk\/wordpress\/?page_id=274\",\"name\":\"Kontakt & Kurzvita &ndash; Felix Ernst Peter Schalk\",\"isPartOf\":{\"@id\":\"https:\/\/motions.cc\/felixschalk\/wordpress\/#website\"},\"primaryImageOfPage\":{\"@id\":\"https:\/\/motions.cc\/felixschalk\/wordpress\/?page_id=274#primaryimage\"},\"datePublished\":\"2018-09-22T15:03:27+00:00\",\"dateModified\":\"2026-01-21T01:12:33+00:00\",\"description\":\"Felix Ernst Peter Schalk - \\u00f6sterreichischer Maler, Filmemacher und bildender K\\u00fcnstler in Wien. Filmkollektiv ELISE.\",\"breadcrumb\":{\"@id\":\"https:\/\/motions.cc\/felixschalk\/wordpress\/?page_id=274#breadcrumb\"},\"inLanguage\":\"de\",\"potentialAction\":[{\"@type\":\"ReadAction\",\"target\":[\"https:\/\/motions.cc\/felixschalk\/wordpress\/?page_id=274\"]}]},{\"@type\":\"BreadcrumbList\",\"@id\":\"https:\/\/motions.cc\/felixschalk\/wordpress\/?page_id=274#breadcrumb\",\"itemListElement\":[{\"@type\":\"ListItem\",\"position\":1,\"item\":{\"@type\":\"WebPage\",\"@id\":\"https:\/\/motions.cc\/felixschalk\/wordpress\/\",\"url\":\"https:\/\/motions.cc\/felixschalk\/wordpress\/\",\"name\":\"Startseite\"}},{\"@type\":\"ListItem\",\"position\":2,\"item\":{\"@type\":\"WebPage\",\"@id\":\"https:\/\/motions.cc\/felixschalk\/wordpress\/?page_id=274\",\"url\":\"https:\/\/motions.cc\/felixschalk\/wordpress\/?page_id=274\",\"name\":\"Kontakt &#038; Kurzvita\"}}]}]}<\/script>\n<!-- \/ Yoast SEO plugin. -->","_links":{"self":[{"href":"https:\/\/motions.cc\/felixschalk\/wordpress\/index.php?rest_route=\/wp\/v2\/pages\/274"}],"collection":[{"href":"https:\/\/motions.cc\/felixschalk\/wordpress\/index.php?rest_route=\/wp\/v2\/pages"}],"about":[{"href":"https:\/\/motions.cc\/felixschalk\/wordpress\/index.php?rest_route=\/wp\/v2\/types\/page"}],"author":[{"embeddable":true,"href":"https:\/\/motions.cc\/felixschalk\/wordpress\/index.php?rest_route=\/wp\/v2\/users\/1"}],"replies":[{"embeddable":true,"href":"https:\/\/motions.cc\/felixschalk\/wordpress\/index.php?rest_route=%2Fwp%2Fv2%2Fcomments&post=274"}],"version-history":[{"count":105,"href":"https:\/\/motions.cc\/felixschalk\/wordpress\/index.php?rest_route=\/wp\/v2\/pages\/274\/revisions"}],"predecessor-version":[{"id":893,"href":"https:\/\/motions.cc\/felixschalk\/wordpress\/index.php?rest_route=\/wp\/v2\/pages\/274\/revisions\/893"}],"wp:attachment":[{"href":"https:\/\/motions.cc\/felixschalk\/wordpress\/index.php?rest_route=%2Fwp%2Fv2%2Fmedia&parent=274"}],"curies":[{"name":"wp","href":"https:\/\/api.w.org\/{rel}","templated":true}]}}